{"id":14673,"date":"2023-02-15T15:43:25","date_gmt":"2023-02-15T14:43:25","guid":{"rendered":"https:\/\/pollmeier.agentur360-preview.de\/the-beech\/"},"modified":"2023-04-25T14:37:03","modified_gmt":"2023-04-25T12:37:03","slug":"the-beech","status":"publish","type":"page","link":"https:\/\/www.pollmeier.com\/de\/the-beech\/","title":{"rendered":"Die Buche"},"content":{"rendered":"\t\t<div data-elementor-type=\"wp-page\" data-elementor-id=\"14673\" class=\"elementor elementor-14673 elementor-2241\" data-elementor-post-type=\"page\">\n\t\t\t\t\t\t<section class=\"elementor-section elementor-top-section elementor-element elementor-element-59c1b0b3 elementor-section-boxed elementor-section-height-default elementor-section-height-default\" data-id=\"59c1b0b3\" data-element_type=\"section\" data-e-type=\"section\">\n\t\t\t\t\t\t<div class=\"elementor-container elementor-column-gap-default\">\n\t\t\t\t\t<div class=\"elementor-column elementor-col-100 elementor-top-column elementor-element elementor-element-7915616e\" data-id=\"7915616e\" data-element_type=\"column\" data-e-type=\"column\">\n\t\t\t<div class=\"elementor-widget-wrap elementor-element-populated\">\n\t\t\t\t\t\t<div class=\"elementor-element elementor-element-5ffa7109 elementor-widget elementor-widget-heading\" data-id=\"5ffa7109\" data-element_type=\"widget\" data-e-type=\"widget\" data-widget_type=\"heading.default\">\n\t\t\t\t<div class=\"elementor-widget-container\">\n\t\t\t\t\t<h3 class=\"elementor-heading-title elementor-size-default\">Die Buche<\/h3>\t\t\t\t<\/div>\n\t\t\t\t<\/div>\n\t\t\t\t\t<\/div>\n\t\t<\/div>\n\t\t\t\t\t<\/div>\n\t\t<\/section>\n\t\t\t\t<section class=\"elementor-section elementor-top-section elementor-element elementor-element-aa5d5c3 elementor-section-boxed elementor-section-height-default elementor-section-height-default\" data-id=\"aa5d5c3\" data-element_type=\"section\" data-e-type=\"section\">\n\t\t\t\t\t\t<div class=\"elementor-container elementor-column-gap-default\">\n\t\t\t\t\t<div class=\"elementor-column elementor-col-100 elementor-top-column elementor-element elementor-element-c25a00f\" data-id=\"c25a00f\" data-element_type=\"column\" data-e-type=\"column\">\n\t\t\t<div class=\"elementor-widget-wrap elementor-element-populated\">\n\t\t\t\t\t\t<div class=\"elementor-element elementor-element-824e014 elementor-widget elementor-widget-text-editor\" data-id=\"824e014\" data-element_type=\"widget\" data-e-type=\"widget\" data-widget_type=\"text-editor.default\">\n\t\t\t\t<div class=\"elementor-widget-container\">\n\t\t\t\t\t\t\t\t\t<div id=\"intro\" class=\"container-fluid gutter\">\n<div class=\"page-intro col-xs-12 col-md-8\">\n<div class=\"rich-text-content\">\n<p>Als Nutzholzlieferant war die Buche \u00fcber Jahrhunderte der Eiche unterlegen, die nicht nur ein vielseitiger verwendbares Holz lieferte sondern auch Eicheln f\u00fcr die Schweinemast. Die Buche wurde deshalb forstwirtschaftlich lange vernachl\u00e4ssigt und bis in die Mitte des 19. Jahrhunderts fast ausschlie\u00dflich als Brennholz genutzt.<\/p>\n<\/div>\n<\/div>\n<\/div>\t\t\t\t\t\t\t\t<\/div>\n\t\t\t\t<\/div>\n\t\t\t\t\t<\/div>\n\t\t<\/div>\n\t\t\t\t\t<\/div>\n\t\t<\/section>\n\t\t\t\t<section class=\"elementor-section elementor-top-section elementor-element elementor-element-679fbfa4 elementor-hidden-desktop elementor-hidden-laptop elementor-section-boxed elementor-section-height-default elementor-section-height-default\" data-id=\"679fbfa4\" data-element_type=\"section\" data-e-type=\"section\">\n\t\t\t\t\t\t<div class=\"elementor-container elementor-column-gap-default\">\n\t\t\t\t\t<div class=\"elementor-column elementor-col-50 elementor-top-column elementor-element elementor-element-da6a1a4 elementor-hidden-mobile\" data-id=\"da6a1a4\" data-element_type=\"column\" data-e-type=\"column\">\n\t\t\t<div class=\"elementor-widget-wrap\">\n\t\t\t\t\t\t\t<\/div>\n\t\t<\/div>\n\t\t\t\t<div class=\"elementor-column elementor-col-50 elementor-top-column elementor-element elementor-element-45d4ebad\" data-id=\"45d4ebad\" data-element_type=\"column\" data-e-type=\"column\">\n\t\t\t<div class=\"elementor-widget-wrap elementor-element-populated\">\n\t\t\t\t\t\t<div class=\"elementor-element elementor-element-1b1a40ff elementor-widget elementor-widget-heading\" data-id=\"1b1a40ff\" data-element_type=\"widget\" data-e-type=\"widget\" data-widget_type=\"heading.default\">\n\t\t\t\t<div class=\"elementor-widget-container\">\n\t\t\t\t\t<h2 class=\"elementor-heading-title elementor-size-default\">Die Buche - Gewinnerin naturnaher Waldbewirtschaftung<\/h2>\t\t\t\t<\/div>\n\t\t\t\t<\/div>\n\t\t\t\t<div class=\"elementor-element elementor-element-64b31deb elementor-widget elementor-widget-text-editor\" data-id=\"64b31deb\" data-element_type=\"widget\" data-e-type=\"widget\" data-widget_type=\"text-editor.default\">\n\t\t\t\t<div class=\"elementor-widget-container\">\n\t\t\t\t\t\t\t\t\t<p>Gr\u00f6\u00dfere forstwirtschaftliche Bedeutung erlangte die Buche erst mit der Entdeckung, dass aus Buchenholz gefertigte Eisenbahnschwellen mit einer Teer\u00f6l-Impr\u00e4gnierung vor Pilzbefall gesch\u00fctzt werden k\u00f6nnen. Dadurch erzielte Buchenholz bessere Preise, so dass sich Aufforstungen mit dieser Baumart wieder lohnten. Um 1930 wurde nur noch die H\u00e4lfte des geschlagenen Buchenholzes verfeuert. Durch die forstliche Bevorzugung von Nadelh\u00f6lzern erlitt die Buche jedoch bis in die erste H\u00e4lfte des 20. Jahrhunderts weiterhin regionale Arealverluste.<\/p>\n<p><img fetchpriority=\"high\" decoding=\"async\" class=\"alignnone wp-image-2314\" src=\"https:\/\/www.pollmeier.com\/wp-content\/uploads\/2023\/02\/Pollmeier_Buche_Wurzel.jpg\" alt=\"\" width=\"1000\" height=\"664\" srcset=\"https:\/\/www.pollmeier.com\/wp-content\/uploads\/2023\/02\/Pollmeier_Buche_Wurzel.jpg 500w, https:\/\/www.pollmeier.com\/wp-content\/uploads\/2023\/02\/Pollmeier_Buche_Wurzel-300x199.jpg 300w\" sizes=\"(max-width: 1000px) 100vw, 1000px\" \/><\/p>\n<h2><br><\/h2><h2>Die Buche &#8211; vom Brennholz zur Naturwaldwirtschaft<\/h2>\n<p>Erst mit dem \u00dcbergang zu naturnahen Waldbauverfahren, die sich in den 1980er Jahren durchzusetzen begannen, r\u00fcckte die Buche zunehmend in den Fokus der nachhaltigen Forstwirtschaft und breitet sich seitdem wieder kontinuierlich aus. Denn Buche ist ein ideales Beispiel f\u00fcr pflanzliche Konkurrenzst\u00e4rke und kann die unterschiedlichsten Lebensr\u00e4ume besiedeln.<\/p>\n<p><img decoding=\"async\" class=\"alignnone wp-image-2315\" src=\"https:\/\/www.pollmeier.com\/wp-content\/uploads\/2023\/02\/Pollmeier_Buche_Zweig.jpg\" alt=\"\" width=\"1000\" height=\"664\" srcset=\"https:\/\/www.pollmeier.com\/wp-content\/uploads\/2023\/02\/Pollmeier_Buche_Zweig.jpg 500w, https:\/\/www.pollmeier.com\/wp-content\/uploads\/2023\/02\/Pollmeier_Buche_Zweig-300x199.jpg 300w\" sizes=\"(max-width: 1000px) 100vw, 1000px\" \/><\/p>\n<p>Die Buchenfl\u00e4che in Deutschland hat sich in den vergangenen 15 Jahren um 150.000 ha erh\u00f6ht. Durch die \u00fcberwiegend naturnahe Bewirtschaftung sind Buchenw\u00e4lder das Musterbeispiel einer nachhaltigen, multifunktionalen Waldwirtschaft &#8211; einer Waldwirtschaft, die Holznutzung, Naturschutz und Erholung auf gleicher Fl\u00e4che erm\u00f6glicht.<\/p>\t\t\t\t\t\t\t\t<\/div>\n\t\t\t\t<\/div>\n\t\t\t\t\t<\/div>\n\t\t<\/div>\n\t\t\t\t\t<\/div>\n\t\t<\/section>\n\t\t\t\t<section class=\"elementor-section elementor-top-section elementor-element elementor-element-492c4fc elementor-hidden-tablet elementor-hidden-mobile elementor-section-boxed elementor-section-height-default elementor-section-height-default\" data-id=\"492c4fc\" data-element_type=\"section\" data-e-type=\"section\">\n\t\t\t\t\t\t<div class=\"elementor-container elementor-column-gap-default\">\n\t\t\t\t\t<div class=\"elementor-column elementor-col-50 elementor-top-column elementor-element elementor-element-d07a19e\" data-id=\"d07a19e\" data-element_type=\"column\" data-e-type=\"column\">\n\t\t\t<div class=\"elementor-widget-wrap\">\n\t\t\t\t\t\t\t<\/div>\n\t\t<\/div>\n\t\t\t\t<div class=\"elementor-column elementor-col-50 elementor-top-column elementor-element elementor-element-a508860\" data-id=\"a508860\" data-element_type=\"column\" data-e-type=\"column\">\n\t\t\t<div class=\"elementor-widget-wrap elementor-element-populated\">\n\t\t\t\t\t\t<div class=\"elementor-element elementor-element-ac9bfbb elementor-widget elementor-widget-heading\" data-id=\"ac9bfbb\" data-element_type=\"widget\" data-e-type=\"widget\" data-widget_type=\"heading.default\">\n\t\t\t\t<div class=\"elementor-widget-container\">\n\t\t\t\t\t<h2 class=\"elementor-heading-title elementor-size-default\">Die Buche - Gewinnerin naturnaher Waldbewirtschaftung<\/h2>\t\t\t\t<\/div>\n\t\t\t\t<\/div>\n\t\t\t\t<div class=\"elementor-element elementor-element-9994356 elementor-widget elementor-widget-text-editor\" data-id=\"9994356\" data-element_type=\"widget\" data-e-type=\"widget\" data-widget_type=\"text-editor.default\">\n\t\t\t\t<div class=\"elementor-widget-container\">\n\t\t\t\t\t\t\t\t\t<p>Gr\u00f6\u00dfere forstwirtschaftliche Bedeutung erlangte die Buche erst mit der Entdeckung, dass aus Buchenholz gefertigte Eisenbahnschwellen mit einer Teer\u00f6l-Impr\u00e4gnierung vor Pilzbefall gesch\u00fctzt werden k\u00f6nnen. Dadurch erzielte Buchenholz bessere Preise, so dass sich Aufforstungen mit dieser Baumart wieder lohnten. Um 1930 wurde nur noch die H\u00e4lfte des geschlagenen Buchenholzes verfeuert. Durch die forstliche Bevorzugung von Nadelh\u00f6lzern erlitt die Buche jedoch bis in die erste H\u00e4lfte des 20. Jahrhunderts weiterhin regionale Arealverluste.<\/p>\n<p><img fetchpriority=\"high\" decoding=\"async\" class=\"alignnone wp-image-2314\" src=\"https:\/\/www.pollmeier.com\/wp-content\/uploads\/2023\/02\/Pollmeier_Buche_Wurzel.jpg\" alt=\"\" width=\"1000\" height=\"664\" srcset=\"https:\/\/www.pollmeier.com\/wp-content\/uploads\/2023\/02\/Pollmeier_Buche_Wurzel.jpg 500w, https:\/\/www.pollmeier.com\/wp-content\/uploads\/2023\/02\/Pollmeier_Buche_Wurzel-300x199.jpg 300w\" sizes=\"(max-width: 1000px) 100vw, 1000px\" \/><\/p>\n<h2><br><\/h2><h2>Die Buche &#8211; vom Brennholz zur Naturwaldwirtschaft<\/h2>\n<p>Erst mit dem \u00dcbergang zu naturnahen Waldbauverfahren, die sich in den 1980er Jahren durchzusetzen begannen, r\u00fcckte die Buche zunehmend in den Fokus der nachhaltigen Forstwirtschaft und breitet sich seitdem wieder kontinuierlich aus. Denn Buche ist ein ideales Beispiel f\u00fcr pflanzliche Konkurrenzst\u00e4rke und kann die unterschiedlichsten Lebensr\u00e4ume besiedeln.<\/p>\n<p><img decoding=\"async\" class=\"alignnone wp-image-2315\" src=\"https:\/\/www.pollmeier.com\/wp-content\/uploads\/2023\/02\/Pollmeier_Buche_Zweig.jpg\" alt=\"\" width=\"1000\" height=\"664\" srcset=\"https:\/\/www.pollmeier.com\/wp-content\/uploads\/2023\/02\/Pollmeier_Buche_Zweig.jpg 500w, https:\/\/www.pollmeier.com\/wp-content\/uploads\/2023\/02\/Pollmeier_Buche_Zweig-300x199.jpg 300w\" sizes=\"(max-width: 1000px) 100vw, 1000px\" \/><\/p>\n<p>Die Buchenfl\u00e4che in Deutschland hat sich in den vergangenen 15 Jahren um 150.000 ha erh\u00f6ht. Durch die \u00fcberwiegend naturnahe Bewirtschaftung sind Buchenw\u00e4lder das Musterbeispiel einer nachhaltigen, multifunktionalen Waldwirtschaft &#8211; einer Waldwirtschaft, die Holznutzung, Naturschutz und Erholung auf gleicher Fl\u00e4che erm\u00f6glicht.<\/p>\t\t\t\t\t\t\t\t<\/div>\n\t\t\t\t<\/div>\n\t\t\t\t\t<\/div>\n\t\t<\/div>\n\t\t\t\t\t<\/div>\n\t\t<\/section>\n\t\t\t\t<section class=\"elementor-section elementor-top-section elementor-element elementor-element-5cdda95 elementor-hidden-desktop elementor-hidden-laptop elementor-hidden-tablet elementor-hidden-mobile elementor-section-boxed elementor-section-height-default elementor-section-height-default\" data-id=\"5cdda95\" data-element_type=\"section\" data-e-type=\"section\">\n\t\t\t\t\t\t<div class=\"elementor-container elementor-column-gap-default\">\n\t\t\t\t\t<div class=\"elementor-column elementor-col-100 elementor-top-column elementor-element elementor-element-9664066\" data-id=\"9664066\" data-element_type=\"column\" data-e-type=\"column\">\n\t\t\t<div class=\"elementor-widget-wrap elementor-element-populated\">\n\t\t\t\t\t\t<div class=\"elementor-element elementor-element-16fee3d elementor-widget elementor-widget-template\" data-id=\"16fee3d\" data-element_type=\"widget\" data-e-type=\"widget\" data-widget_type=\"template.default\">\n\t\t\t\t<div class=\"elementor-widget-container\">\n\t\t\t\t\t\t\t<div class=\"elementor-template\">\n\t\t\t\t\t<div data-elementor-type=\"section\" data-elementor-id=\"14804\" class=\"elementor elementor-14804 elementor-2493 elementor-2493\" data-elementor-post-type=\"elementor_library\">\n\t\t\t\t\t<section class=\"elementor-section elementor-top-section elementor-element elementor-element-3562e69e elementor-section-height-min-height elementor-section-items-stretch elementor-section-content-bottom newsletter-padding elementor-section-boxed elementor-section-height-default\" data-id=\"3562e69e\" data-element_type=\"section\" data-e-type=\"section\" data-settings=\"{&quot;background_background&quot;:&quot;classic&quot;}\">\n\t\t\t\t\t\t<div class=\"elementor-container elementor-column-gap-default\">\n\t\t\t\t\t<div data-dce-background-image-url=\"https:\/\/www.pollmeier.com\/wp-content\/uploads\/2023\/07\/components_newsletter.webp\" class=\"elementor-column elementor-col-100 elementor-top-column elementor-element elementor-element-382cef83\" data-id=\"382cef83\" data-element_type=\"column\" data-e-type=\"column\" data-settings=\"{&quot;background_background&quot;:&quot;classic&quot;}\">\n\t\t\t<div class=\"elementor-widget-wrap elementor-element-populated\">\n\t\t\t\t\t\t<section class=\"elementor-section elementor-inner-section elementor-element elementor-element-5a36bcd6 elementor-section-height-min-height elementor-section-full_width elementor-section-height-default\" data-id=\"5a36bcd6\" data-element_type=\"section\" data-e-type=\"section\">\n\t\t\t\t\t\t<div class=\"elementor-container elementor-column-gap-default\">\n\t\t\t\t\t<div data-dce-background-color=\"#FFFFFFB3\" class=\"elementor-column elementor-col-100 elementor-inner-column elementor-element elementor-element-50d92fa9\" data-id=\"50d92fa9\" data-element_type=\"column\" data-e-type=\"column\" data-settings=\"{&quot;background_background&quot;:&quot;classic&quot;}\">\n\t\t\t<div class=\"elementor-widget-wrap elementor-element-populated\">\n\t\t\t\t\t\t<div class=\"elementor-element elementor-element-48f31b6b elementor-widget elementor-widget-text-editor\" data-id=\"48f31b6b\" data-element_type=\"widget\" data-e-type=\"widget\" data-widget_type=\"text-editor.default\">\n\t\t\t\t<div class=\"elementor-widget-container\">\n\t\t\t\t\t\t\t\t\t<p>Melden Sie sich f\u00fcr unseren COMPONENTS Newsletter an, um Zugriff auf unsere t\u00e4glich aktualisierte Lagerbestandsliste zu erhalten.<\/p>\t\t\t\t\t\t\t\t<\/div>\n\t\t\t\t<\/div>\n\t\t\t\t<div class=\"elementor-element elementor-element-abca9e0 pm-newsletter elementor-widget elementor-widget-html\" data-id=\"abca9e0\" data-element_type=\"widget\" data-e-type=\"widget\" data-widget_type=\"html.default\">\n\t\t\t\t<div class=\"elementor-widget-container\">\n\t\t\t\t\t<script id=\"n2g_script\">!function(e,t,n,c,r,a,i){e.Newsletter2GoTrackingObject=r,e[r]=e[r]||function(){(e[r].q=e[r].q||[]).push(arguments)},e[r].l=1*new Date,a=t.createElement(n),i=t.getElementsByTagName(n)[0],a.async=1,a.src=c,i.parentNode.insertBefore(a,i)}(window,document,\"script\",\"https:\/\/static.newsletter2go.com\/utils.js\",\"n2g\");var config = {\n    \"form\": {\n        \"class\": \"\",\n        \"style\": \"\"\n    },\n    \"container\": {\n        \"type\": \"div\",\n        \"class\": \"\",\n        \"style\": \"width: 100%;\"\n    },\n    \"row\": {\n        \"type\": \"div\",\n        \"class\": \"\",\n        \"style\": \"\"\n    },\n    \"columnLeft\": {\n        \"type\": \"div\",\n        \"class\": \"\",\n        \"style\": \"width: 40%; padding: 10px 5px; visibility: hidden;\"\n    },\n    \"columnRight\": {\n        \"type\": \"div\",\n        \"class\": \"\",\n        \"style\": \"\"\n    },\n    \"checkbox\": {\n        \"type\": \"input\",\n        \"class\": \"\",\n        \"style\": \"\"\n    },\n    \"separator\": {\n        \"type\": \"br\",\n        \"class\": \"\",\n        \"style\": \"\"\n    },\n    \"input\": {\n        \"class\": \"pollmeier-newsletter-email-field\",\n        \"placeholder\": \"E-Mail\",\n        \"style\": \"padding: 5px 10px; border-radius: 0; border-bottom: 1px solid #d8dee4; border-left: 0; border-right: 0; border-top: 0;color:#252525;border-color:#252525; outline: none; background: transparent;\"\n    },\n    \"dropdown\": {\n        \"type\": \"select\",\n        \"class\": \"\",\n        \"style\": \"padding: 3px 5px; border-radius: 2px; border: 1px solid #d8dee4;\"\n    },\n    \"button\": {\n        \"type\": \"button\",\n        \"class\": \"pollmeier-newsletter-button-field\",\n        \"id\": \"\",\n        \"style\": \"background:none; border: none; xborder-radius: 5px; padding: 0; color: #888888; margin-top: -48px; cursor: pointer; position: absolute; right: 0; font-weight: 500;\"\n    },\n    \"label\": {\n        \"type\": \"label\",\n        \"class\": \"\",\n        \"style\": \"padding-left: 5px\"\n    },\n    \"loader\": {\n        \"type\": \"img\",\n        \"src\": \"\/\/www.newsletter2go.com\/images\/loader.svg\",\n        \"class\": \"\",\n        \"style\": \"margin: auto; display:block; width: auto;\"\n    },\n    \"message\": {\n        \"type\": \"h2\",\n        \"class\": \"\",\n        \"id\": \"\",\n        \"style\": \"text-align: center;\"\n    },\n    \"captchaImage\": {\n\t\"type\": \"img\",\n\t\"class\": \"\",\n\t\"style\": \"padding: 5px; border: 0px solid #fff; margin-top: 5px; width: 32px; height: 32px; cursor: pointer; display:inline;\",\n\t\"style:active\": \"padding: 5px; border: 3px solid #ccc; margin-top: 5px; width: 32px; height: 32px; cursor: pointer;\"\n    }\n };n2g('create', '3t9cl8mr-91p98fsn-13j7');n2g('subscribe:createForm', config);<\/script>\t\t\t\t<\/div>\n\t\t\t\t<\/div>\n\t\t\t\t\t<\/div>\n\t\t<\/div>\n\t\t\t\t\t<\/div>\n\t\t<\/section>\n\t\t\t\t\t<\/div>\n\t\t<\/div>\n\t\t\t\t\t<\/div>\n\t\t<\/section>\n\t\t\t\t<\/div>\n\t\t\t\t<\/div>\n\t\t\t\t\t\t<\/div>\n\t\t\t\t<\/div>\n\t\t\t\t\t<\/div>\n\t\t<\/div>\n\t\t\t\t\t<\/div>\n\t\t<\/section>\n\t\t\t\t<section class=\"elementor-section elementor-top-section elementor-element elementor-element-1a4cfccf elementor-section-boxed elementor-section-height-default elementor-section-height-default\" data-id=\"1a4cfccf\" data-element_type=\"section\" data-e-type=\"section\">\n\t\t\t\t\t\t<div class=\"elementor-container elementor-column-gap-default\">\n\t\t\t\t\t<div class=\"elementor-column elementor-col-50 elementor-top-column elementor-element elementor-element-3adae081\" data-id=\"3adae081\" data-element_type=\"column\" data-e-type=\"column\">\n\t\t\t<div class=\"elementor-widget-wrap elementor-element-populated\">\n\t\t\t\t\t\t<div class=\"elementor-element elementor-element-72e7f99c elementor-widget elementor-widget-heading\" data-id=\"72e7f99c\" data-element_type=\"widget\" data-e-type=\"widget\" data-widget_type=\"heading.default\">\n\t\t\t\t<div class=\"elementor-widget-container\">\n\t\t\t\t\t<h5 class=\"elementor-heading-title elementor-size-default\">Kontakt<\/h5>\t\t\t\t<\/div>\n\t\t\t\t<\/div>\n\t\t\t\t<div class=\"elementor-element elementor-element-717cd369 elementor-nav-menu__align-start elementor-nav-menu--dropdown-none elementor-widget elementor-widget-nav-menu\" data-id=\"717cd369\" data-element_type=\"widget\" data-e-type=\"widget\" data-settings=\"{&quot;layout&quot;:&quot;vertical&quot;,&quot;submenu_icon&quot;:{&quot;value&quot;:&quot;&lt;i class=\\&quot;fas fa-caret-down\\&quot; aria-hidden=\\&quot;true\\&quot;&gt;&lt;\\\/i&gt;&quot;,&quot;library&quot;:&quot;fa-solid&quot;}}\" data-widget_type=\"nav-menu.default\">\n\t\t\t\t<div class=\"elementor-widget-container\">\n\t\t\t\t\t\t\t\t<nav aria-label=\"Men\u00fc\" class=\"elementor-nav-menu--main elementor-nav-menu__container elementor-nav-menu--layout-vertical e--pointer-none\">\n\t\t\t\t<ul id=\"menu-1-717cd369\" class=\"elementor-nav-menu sm-vertical\"><li class=\"menu-item menu-item-type-post_type menu-item-object-page menu-item-2016\"><a href=\"https:\/\/www.pollmeier.com\/contact\/\" class=\"elementor-item\">Kontakt<\/a><\/li>\n<li class=\"menu-item menu-item-type-post_type menu-item-object-page menu-item-2019\"><a href=\"https:\/\/www.pollmeier.com\/dealer-locator\/\" class=\"elementor-item\">H\u00e4ndlersuche<\/a><\/li>\n<\/ul>\t\t\t<\/nav>\n\t\t\t\t\t\t<nav class=\"elementor-nav-menu--dropdown elementor-nav-menu__container\" aria-hidden=\"true\">\n\t\t\t\t<ul id=\"menu-2-717cd369\" class=\"elementor-nav-menu sm-vertical\"><li class=\"menu-item menu-item-type-post_type menu-item-object-page menu-item-2016\"><a href=\"https:\/\/www.pollmeier.com\/contact\/\" class=\"elementor-item\" tabindex=\"-1\">Kontakt<\/a><\/li>\n<li class=\"menu-item menu-item-type-post_type menu-item-object-page menu-item-2019\"><a href=\"https:\/\/www.pollmeier.com\/dealer-locator\/\" class=\"elementor-item\" tabindex=\"-1\">H\u00e4ndlersuche<\/a><\/li>\n<\/ul>\t\t\t<\/nav>\n\t\t\t\t\t\t<\/div>\n\t\t\t\t<\/div>\n\t\t\t\t\t<\/div>\n\t\t<\/div>\n\t\t\t\t<div class=\"elementor-column elementor-col-50 elementor-top-column elementor-element elementor-element-490d7931\" data-id=\"490d7931\" data-element_type=\"column\" data-e-type=\"column\">\n\t\t\t<div class=\"elementor-widget-wrap elementor-element-populated\">\n\t\t\t\t\t\t<div class=\"elementor-element elementor-element-1e0402ae elementor-widget elementor-widget-text-editor\" data-id=\"1e0402ae\" data-element_type=\"widget\" data-e-type=\"widget\" data-widget_type=\"text-editor.default\">\n\t\t\t\t<div class=\"elementor-widget-container\">\n\t\t\t\t\t\t\t\t\t<p>Beratung f\u00fcr Architekten, Bauingenieure, Bauherren und Holzbauunternehmen:<\/p>\n\t\t\t\t\t\t\t\t<\/div>\n\t\t\t\t<\/div>\n\t\t\t\t<div class=\"elementor-element elementor-element-1c7341c2 elementor-widget elementor-widget-text-editor\" data-id=\"1c7341c2\" data-element_type=\"widget\" data-e-type=\"widget\" data-widget_type=\"text-editor.default\">\n\t\t\t\t<div class=\"elementor-widget-container\">\n\t\t\t\t\t\t\t\t\t<p>+49 (0)36926 945-560<br \/><span style=\"text-decoration: underline;\">baubuche@pollmeier.com<\/span><\/p>\n\t\t\t\t\t\t\t\t<\/div>\n\t\t\t\t<\/div>\n\t\t\t\t<div class=\"elementor-element elementor-element-3690964e elementor-widget elementor-widget-text-editor\" data-id=\"3690964e\" data-element_type=\"widget\" data-e-type=\"widget\" data-widget_type=\"text-editor.default\">\n\t\t\t\t<div class=\"elementor-widget-container\">\n\t\t\t\t\t\t\t\t\t<p>Beratung zu Schnittholz, BauBuche und f\u00fcr Pollmeier LVL:<\/p>\n\t\t\t\t\t\t\t\t<\/div>\n\t\t\t\t<\/div>\n\t\t\t\t<div class=\"elementor-element elementor-element-14fd63c6 elementor-widget elementor-widget-text-editor\" data-id=\"14fd63c6\" data-element_type=\"widget\" data-e-type=\"widget\" data-widget_type=\"text-editor.default\">\n\t\t\t\t<div class=\"elementor-widget-container\">\n\t\t\t\t\t\t\t\t\t<p>+49 (0)36926 945-163 <span style=\"text-decoration: underline;\">sales@pollmeier.com<\/span><\/p>\n\t\t\t\t\t\t\t\t<\/div>\n\t\t\t\t<\/div>\n\t\t\t\t\t<\/div>\n\t\t<\/div>\n\t\t\t\t\t<\/div>\n\t\t<\/section>\n\t\t\t\t<section class=\"elementor-section elementor-top-section elementor-element elementor-element-7bb0267 elementor-section-boxed elementor-section-height-default elementor-section-height-default\" data-id=\"7bb0267\" data-element_type=\"section\" data-e-type=\"section\">\n\t\t\t\t\t\t<div class=\"elementor-container elementor-column-gap-default\">\n\t\t\t\t\t<div class=\"elementor-column elementor-col-100 elementor-top-column elementor-element elementor-element-0c2cc92\" data-id=\"0c2cc92\" data-element_type=\"column\" data-e-type=\"column\">\n\t\t\t<div class=\"elementor-widget-wrap elementor-element-populated\">\n\t\t\t\t\t\t<div class=\"elementor-element elementor-element-c23f136 elementor-widget elementor-widget-template\" data-id=\"c23f136\" data-element_type=\"widget\" data-e-type=\"widget\" data-widget_type=\"template.default\">\n\t\t\t\t<div class=\"elementor-widget-container\">\n\t\t\t\t\t\t\t<div class=\"elementor-template\">\n\t\t\t\t\t<div data-elementor-type=\"section\" data-elementor-id=\"14780\" class=\"elementor elementor-14780 elementor-9355 elementor-9355\" data-elementor-post-type=\"elementor_library\">\n\t\t\t\t\t<section class=\"elementor-section elementor-top-section elementor-element elementor-element-31a7b903 elementor-section-boxed elementor-section-height-default elementor-section-height-default\" data-id=\"31a7b903\" data-element_type=\"section\" data-e-type=\"section\">\n\t\t\t\t\t\t<div class=\"elementor-container elementor-column-gap-default\">\n\t\t\t\t\t<div class=\"elementor-column elementor-col-100 elementor-top-column elementor-element elementor-element-6e006204\" data-id=\"6e006204\" data-element_type=\"column\" data-e-type=\"column\">\n\t\t\t<div class=\"elementor-widget-wrap elementor-element-populated\">\n\t\t\t\t\t\t<div class=\"elementor-element elementor-element-31f360ce elementor-widget__width-inherit elementor-widget elementor-widget-heading\" data-id=\"31f360ce\" data-element_type=\"widget\" data-e-type=\"widget\" data-widget_type=\"heading.default\">\n\t\t\t\t<div class=\"elementor-widget-container\">\n\t\t\t\t\t<h2 class=\"elementor-heading-title elementor-size-default\">Kontakt Vertrieb<\/h2>\t\t\t\t<\/div>\n\t\t\t\t<\/div>\n\t\t\t\t<div class=\"elementor-element elementor-element-e474708 ee-button-group-halign-right ee-button-group-gap-no ee-button-group-stack-desktop elementor-widget__width-auto elementor-widget elementor-widget-button-group\" data-id=\"e474708\" data-element_type=\"widget\" data-e-type=\"widget\" data-settings=\"{&quot;trigger&quot;:&quot;mouseenter&quot;,&quot;trigger_tablet&quot;:&quot;click_target&quot;,&quot;trigger_mobile&quot;:&quot;click_target&quot;,&quot;_hide&quot;:&quot;mouseleave&quot;,&quot;_hide_tablet&quot;:&quot;click_out&quot;,&quot;_hide_mobile&quot;:&quot;click_out&quot;,&quot;position&quot;:&quot;bottom&quot;,&quot;delay_in&quot;:{&quot;unit&quot;:&quot;px&quot;,&quot;size&quot;:&quot;&quot;,&quot;sizes&quot;:[]},&quot;delay_out&quot;:{&quot;unit&quot;:&quot;px&quot;,&quot;size&quot;:&quot;&quot;,&quot;sizes&quot;:[]},&quot;duration&quot;:{&quot;unit&quot;:&quot;px&quot;,&quot;size&quot;:&quot;&quot;,&quot;sizes&quot;:[]}}\" data-widget_type=\"button-group.default\">\n\t\t\t\t<div class=\"elementor-widget-container\">\n\t\t\t\t\t<ul class=\"ee-button-group\"><li class=\"ee-button-gap elementor-repeater-item-19275d8\">\n\t\t\t\t\t<a class=\"ee-button-wrapper\" href=\"tel:+4936926945-163\">\n\n\t\t\t\t\t\t<span class=\"ee-button ee-button-link ee-size-sm\" data-label=\"T: +49 (0) 36926 945 - 163\">\n\t\t\t\t\t\t\t<span class=\"ee-button-content-wrapper\"><span class=\"ee-button-icon ee-icon ee-icon-support--svg ee-icon--right\"><svg xmlns=\"http:\/\/www.w3.org\/2000\/svg\" id=\"Ebene_1\" width=\"18.5\" height=\"7.36\" viewBox=\"0 0 18.5 7.36\"><path d=\"m18.35,4.04c.2-.2.2-.51,0-.71L15.17.15c-.2-.2-.51-.2-.71,0-.2.2-.2.51,0,.71l2.83,2.83-2.83,2.83c-.2.2-.2.51,0,.71.2.2.51.2.71,0l3.18-3.18Zm-18.35.15h18v-1H0v1Z\"><\/path><\/svg><\/span><span class=\"ee-button-text\">\n\t\t\t\t\t\t\t\t\tT: +49 (0) 36926 945 - 163\t\t\t\t\t\t\t\t<\/span>\n\n\t\t\t\t\t\t\t\t\n\t\t\t\t\t\t\t<\/span>\n\t\t\t\t\t\t<\/span>\n\n\t\t\t\t\t<\/a>\n\t\t\t\t<\/li><li class=\"ee-button-gap elementor-repeater-item-8dc484e\">\n\t\t\t\t\t<a class=\"ee-button-wrapper\" href=\"mailto: sales@pollmeier.com\">\n\n\t\t\t\t\t\t<span class=\"ee-button ee-button-link ee-size-sm\" data-label=\"sales@pollmeier.com\">\n\t\t\t\t\t\t\t<span class=\"ee-button-content-wrapper\"><span class=\"ee-button-icon ee-icon ee-icon-support--svg ee-icon--right\"><svg xmlns=\"http:\/\/www.w3.org\/2000\/svg\" id=\"Ebene_1\" width=\"18.5\" height=\"7.36\" viewBox=\"0 0 18.5 7.36\"><path d=\"m18.35,4.04c.2-.2.2-.51,0-.71L15.17.15c-.2-.2-.51-.2-.71,0-.2.2-.2.51,0,.71l2.83,2.83-2.83,2.83c-.2.2-.2.51,0,.71.2.2.51.2.71,0l3.18-3.18Zm-18.35.15h18v-1H0v1Z\"><\/path><\/svg><\/span><span class=\"ee-button-text\">\n\t\t\t\t\t\t\t\t\tsales@pollmeier.com\t\t\t\t\t\t\t\t<\/span>\n\n\t\t\t\t\t\t\t\t\n\t\t\t\t\t\t\t<\/span>\n\t\t\t\t\t\t<\/span>\n\n\t\t\t\t\t<\/a>\n\t\t\t\t<\/li><\/ul>\n\t\t\t\t\t\t<\/div>\n\t\t\t\t<\/div>\n\t\t\t\t<div class=\"elementor-element elementor-element-120ca75 elementor-widget elementor-widget-text-editor\" data-id=\"120ca75\" data-element_type=\"widget\" data-e-type=\"widget\" data-widget_type=\"text-editor.default\">\n\t\t\t\t<div class=\"elementor-widget-container\">\n\t\t\t\t\t\t\t\t\t<p>M\u00f6chten Sie mehr \u00fcber unsere Produkte erfahren oder haben Sie eine Frage?<\/p>\n\t\t\t\t\t\t\t\t<\/div>\n\t\t\t\t<\/div>\n\t\t\t\t<div class=\"elementor-element elementor-element-a5ae277 elementor-align-center elementor-widget__width-auto elementor-mobile-align-justify elementor-widget-mobile__width-inherit elementor-widget elementor-widget-button\" data-id=\"a5ae277\" data-element_type=\"widget\" data-e-type=\"widget\" data-widget_type=\"button.default\">\n\t\t\t\t<div class=\"elementor-widget-container\">\n\t\t\t\t\t\t\t\t\t<div class=\"elementor-button-wrapper\">\n\t\t\t\t\t<a class=\"elementor-button elementor-button-link elementor-size-sm\" href=\"https:\/\/outlook.office365.com\/owa\/calendar\/PollmeierMassivholzGmbHCoKG@pollmeier.com\/bookings\/\" target=\"_blank\">\n\t\t\t\t\t\t<span class=\"elementor-button-content-wrapper\">\n\t\t\t\t\t\t\t\t\t<span class=\"elementor-button-text\">Beratung buchen<\/span>\n\t\t\t\t\t<\/span>\n\t\t\t\t\t<\/a>\n\t\t\t\t<\/div>\n\t\t\t\t\t\t\t\t<\/div>\n\t\t\t\t<\/div>\n\t\t\t\t\t<\/div>\n\t\t<\/div>\n\t\t\t\t\t<\/div>\n\t\t<\/section>\n\t\t\t\t<\/div>\n\t\t\t\t<\/div>\n\t\t\t\t\t\t<\/div>\n\t\t\t\t<\/div>\n\t\t\t\t\t<\/div>\n\t\t<\/div>\n\t\t\t\t\t<\/div>\n\t\t<\/section>\n\t\t\t\t<\/div>\n\t\t","protected":false},"excerpt":{"rendered":"<p>Die Buche Als Nutzholzlieferant war die Buche \u00fcber Jahrhunderte der Eiche unterlegen, die nicht nur ein vielseitiger verwendbares Holz lieferte sondern auch Eicheln f\u00fcr die Schweinemast. Die Buche wurde deshalb forstwirtschaftlich lange vernachl\u00e4ssigt und bis in die Mitte des 19. Jahrhunderts fast ausschlie\u00dflich als Brennholz genutzt. Die Buche &#8211; Gewinnerin naturnaher Waldbewirtschaftung Gr\u00f6\u00dfere forstwirtschaftliche Bedeutung [&hellip;]<\/p>\n","protected":false},"author":25,"featured_media":0,"parent":0,"menu_order":0,"comment_status":"closed","ping_status":"closed","template":"","meta":{"_acf_changed":false,"footnotes":""},"class_list":["post-14673","page","type-page","status-publish","hentry"],"acf":[],"yoast_head":"<!-- This site is optimized with the Yoast SEO plugin v27.4 - https:\/\/yoast.com\/product\/yoast-seo-wordpress\/ -->\n<title>Die Buche - Pollmeier<\/title>\n<meta name=\"description\" content=\"Die Buche Als Nutzholzlieferant war die Buche \u00fcber Jahrhunderte der Eiche unterlegen, die nicht nur ein vielseitiger verwendbares Holz lieferte sondern\" \/>\n<meta name=\"robots\" content=\"index, follow, max-snippet:-1, max-image-preview:large, max-video-preview:-1\" \/>\n<link rel=\"canonical\" href=\"https:\/\/www.pollmeier.com\/de\/the-beech\/\" \/>\n<meta property=\"og:locale\" content=\"de_DE\" \/>\n<meta property=\"og:type\" content=\"article\" \/>\n<meta property=\"og:title\" content=\"Die Buche - Pollmeier\" \/>\n<meta property=\"og:description\" content=\"Die Buche Als Nutzholzlieferant war die Buche \u00fcber Jahrhunderte der Eiche unterlegen, die nicht nur ein vielseitiger verwendbares Holz lieferte sondern\" \/>\n<meta property=\"og:url\" content=\"https:\/\/www.pollmeier.com\/de\/the-beech\/\" \/>\n<meta property=\"og:site_name\" content=\"Pollmeier\" \/>\n<meta property=\"article:publisher\" content=\"https:\/\/www.facebook.com\/pollmeier.massivholz\/?fref=ts\" \/>\n<meta property=\"article:modified_time\" content=\"2023-04-25T12:37:03+00:00\" \/>\n<meta property=\"og:image\" content=\"https:\/\/www.pollmeier.com\/wp-content\/uploads\/2023\/02\/Pollmeier_Buche_Wurzel.jpg\" \/>\n<meta name=\"twitter:card\" content=\"summary_large_image\" \/>\n<meta name=\"twitter:label1\" content=\"Gesch\u00e4tzte Lesezeit\" \/>\n\t<meta name=\"twitter:data1\" content=\"2\u00a0Minuten\" \/>\n<script type=\"application\/ld+json\" class=\"yoast-schema-graph\">{\"@context\":\"https:\\\/\\\/schema.org\",\"@graph\":[{\"@type\":\"WebPage\",\"@id\":\"https:\\\/\\\/www.pollmeier.com\\\/de\\\/the-beech\\\/\",\"url\":\"https:\\\/\\\/www.pollmeier.com\\\/de\\\/the-beech\\\/\",\"name\":\"Die Buche - Pollmeier\",\"isPartOf\":{\"@id\":\"https:\\\/\\\/www.pollmeier.com\\\/de\\\/#website\"},\"primaryImageOfPage\":{\"@id\":\"https:\\\/\\\/www.pollmeier.com\\\/de\\\/the-beech\\\/#primaryimage\"},\"image\":{\"@id\":\"https:\\\/\\\/www.pollmeier.com\\\/de\\\/the-beech\\\/#primaryimage\"},\"thumbnailUrl\":\"https:\\\/\\\/www.pollmeier.com\\\/wp-content\\\/uploads\\\/2023\\\/02\\\/Pollmeier_Buche_Wurzel.jpg\",\"datePublished\":\"2023-02-15T14:43:25+00:00\",\"dateModified\":\"2023-04-25T12:37:03+00:00\",\"description\":\"Die Buche Als Nutzholzlieferant war die Buche \u00fcber Jahrhunderte der Eiche unterlegen, die nicht nur ein vielseitiger verwendbares Holz lieferte sondern\",\"breadcrumb\":{\"@id\":\"https:\\\/\\\/www.pollmeier.com\\\/de\\\/the-beech\\\/#breadcrumb\"},\"inLanguage\":\"de\",\"potentialAction\":[{\"@type\":\"ReadAction\",\"target\":[\"https:\\\/\\\/www.pollmeier.com\\\/de\\\/the-beech\\\/\"]}]},{\"@type\":\"ImageObject\",\"inLanguage\":\"de\",\"@id\":\"https:\\\/\\\/www.pollmeier.com\\\/de\\\/the-beech\\\/#primaryimage\",\"url\":\"https:\\\/\\\/www.pollmeier.com\\\/wp-content\\\/uploads\\\/2023\\\/02\\\/Pollmeier_Buche_Wurzel.jpg\",\"contentUrl\":\"https:\\\/\\\/www.pollmeier.com\\\/wp-content\\\/uploads\\\/2023\\\/02\\\/Pollmeier_Buche_Wurzel.jpg\"},{\"@type\":\"BreadcrumbList\",\"@id\":\"https:\\\/\\\/www.pollmeier.com\\\/de\\\/the-beech\\\/#breadcrumb\",\"itemListElement\":[{\"@type\":\"ListItem\",\"position\":1,\"name\":\"Home\",\"item\":\"https:\\\/\\\/www.pollmeier.com\\\/de\\\/\"},{\"@type\":\"ListItem\",\"position\":2,\"name\":\"Die Buche\"}]},{\"@type\":\"WebSite\",\"@id\":\"https:\\\/\\\/www.pollmeier.com\\\/de\\\/#website\",\"url\":\"https:\\\/\\\/www.pollmeier.com\\\/de\\\/\",\"name\":\"Pollmeier\",\"description\":\"\",\"publisher\":{\"@id\":\"https:\\\/\\\/www.pollmeier.com\\\/de\\\/#organization\"},\"potentialAction\":[{\"@type\":\"SearchAction\",\"target\":{\"@type\":\"EntryPoint\",\"urlTemplate\":\"https:\\\/\\\/www.pollmeier.com\\\/de\\\/?s={search_term_string}\"},\"query-input\":{\"@type\":\"PropertyValueSpecification\",\"valueRequired\":true,\"valueName\":\"search_term_string\"}}],\"inLanguage\":\"de\"},{\"@type\":\"Organization\",\"@id\":\"https:\\\/\\\/www.pollmeier.com\\\/de\\\/#organization\",\"name\":\"Pollmeier\",\"url\":\"https:\\\/\\\/www.pollmeier.com\\\/de\\\/\",\"logo\":{\"@type\":\"ImageObject\",\"inLanguage\":\"de\",\"@id\":\"https:\\\/\\\/www.pollmeier.com\\\/de\\\/#\\\/schema\\\/logo\\\/image\\\/\",\"url\":\"https:\\\/\\\/www.pollmeier.com\\\/wp-content\\\/uploads\\\/2023\\\/01\\\/Pollmeier-Logo-RGB.png\",\"contentUrl\":\"https:\\\/\\\/www.pollmeier.com\\\/wp-content\\\/uploads\\\/2023\\\/01\\\/Pollmeier-Logo-RGB.png\",\"width\":7630,\"height\":1000,\"caption\":\"Pollmeier\"},\"image\":{\"@id\":\"https:\\\/\\\/www.pollmeier.com\\\/de\\\/#\\\/schema\\\/logo\\\/image\\\/\"},\"sameAs\":[\"https:\\\/\\\/www.facebook.com\\\/pollmeier.massivholz\\\/?fref=ts\",\"https:\\\/\\\/www.instagram.com\\\/pollmeier.massivholz\\\/\",\"https:\\\/\\\/www.youtube.com\\\/channel\\\/UCNEu1HAZzkMEb80QqPEkXig\",\"https:\\\/\\\/www.linkedin.com\\\/company\\\/13056550\\\/admin\\\/\"]}]}<\/script>\n<!-- \/ Yoast SEO plugin. -->","yoast_head_json":{"title":"Die Buche - Pollmeier","description":"Die Buche Als Nutzholzlieferant war die Buche \u00fcber Jahrhunderte der Eiche unterlegen, die nicht nur ein vielseitiger verwendbares Holz lieferte sondern","robots":{"index":"index","follow":"follow","max-snippet":"max-snippet:-1","max-image-preview":"max-image-preview:large","max-video-preview":"max-video-preview:-1"},"canonical":"https:\/\/www.pollmeier.com\/de\/the-beech\/","og_locale":"de_DE","og_type":"article","og_title":"Die Buche - Pollmeier","og_description":"Die Buche Als Nutzholzlieferant war die Buche \u00fcber Jahrhunderte der Eiche unterlegen, die nicht nur ein vielseitiger verwendbares Holz lieferte sondern","og_url":"https:\/\/www.pollmeier.com\/de\/the-beech\/","og_site_name":"Pollmeier","article_publisher":"https:\/\/www.facebook.com\/pollmeier.massivholz\/?fref=ts","article_modified_time":"2023-04-25T12:37:03+00:00","og_image":[{"url":"https:\/\/www.pollmeier.com\/wp-content\/uploads\/2023\/02\/Pollmeier_Buche_Wurzel.jpg","type":"","width":"","height":""}],"twitter_card":"summary_large_image","twitter_misc":{"Gesch\u00e4tzte Lesezeit":"2\u00a0Minuten"},"schema":{"@context":"https:\/\/schema.org","@graph":[{"@type":"WebPage","@id":"https:\/\/www.pollmeier.com\/de\/the-beech\/","url":"https:\/\/www.pollmeier.com\/de\/the-beech\/","name":"Die Buche - Pollmeier","isPartOf":{"@id":"https:\/\/www.pollmeier.com\/de\/#website"},"primaryImageOfPage":{"@id":"https:\/\/www.pollmeier.com\/de\/the-beech\/#primaryimage"},"image":{"@id":"https:\/\/www.pollmeier.com\/de\/the-beech\/#primaryimage"},"thumbnailUrl":"https:\/\/www.pollmeier.com\/wp-content\/uploads\/2023\/02\/Pollmeier_Buche_Wurzel.jpg","datePublished":"2023-02-15T14:43:25+00:00","dateModified":"2023-04-25T12:37:03+00:00","description":"Die Buche Als Nutzholzlieferant war die Buche \u00fcber Jahrhunderte der Eiche unterlegen, die nicht nur ein vielseitiger verwendbares Holz lieferte sondern","breadcrumb":{"@id":"https:\/\/www.pollmeier.com\/de\/the-beech\/#breadcrumb"},"inLanguage":"de","potentialAction":[{"@type":"ReadAction","target":["https:\/\/www.pollmeier.com\/de\/the-beech\/"]}]},{"@type":"ImageObject","inLanguage":"de","@id":"https:\/\/www.pollmeier.com\/de\/the-beech\/#primaryimage","url":"https:\/\/www.pollmeier.com\/wp-content\/uploads\/2023\/02\/Pollmeier_Buche_Wurzel.jpg","contentUrl":"https:\/\/www.pollmeier.com\/wp-content\/uploads\/2023\/02\/Pollmeier_Buche_Wurzel.jpg"},{"@type":"BreadcrumbList","@id":"https:\/\/www.pollmeier.com\/de\/the-beech\/#breadcrumb","itemListElement":[{"@type":"ListItem","position":1,"name":"Home","item":"https:\/\/www.pollmeier.com\/de\/"},{"@type":"ListItem","position":2,"name":"Die Buche"}]},{"@type":"WebSite","@id":"https:\/\/www.pollmeier.com\/de\/#website","url":"https:\/\/www.pollmeier.com\/de\/","name":"Pollmeier","description":"","publisher":{"@id":"https:\/\/www.pollmeier.com\/de\/#organization"},"potentialAction":[{"@type":"SearchAction","target":{"@type":"EntryPoint","urlTemplate":"https:\/\/www.pollmeier.com\/de\/?s={search_term_string}"},"query-input":{"@type":"PropertyValueSpecification","valueRequired":true,"valueName":"search_term_string"}}],"inLanguage":"de"},{"@type":"Organization","@id":"https:\/\/www.pollmeier.com\/de\/#organization","name":"Pollmeier","url":"https:\/\/www.pollmeier.com\/de\/","logo":{"@type":"ImageObject","inLanguage":"de","@id":"https:\/\/www.pollmeier.com\/de\/#\/schema\/logo\/image\/","url":"https:\/\/www.pollmeier.com\/wp-content\/uploads\/2023\/01\/Pollmeier-Logo-RGB.png","contentUrl":"https:\/\/www.pollmeier.com\/wp-content\/uploads\/2023\/01\/Pollmeier-Logo-RGB.png","width":7630,"height":1000,"caption":"Pollmeier"},"image":{"@id":"https:\/\/www.pollmeier.com\/de\/#\/schema\/logo\/image\/"},"sameAs":["https:\/\/www.facebook.com\/pollmeier.massivholz\/?fref=ts","https:\/\/www.instagram.com\/pollmeier.massivholz\/","https:\/\/www.youtube.com\/channel\/UCNEu1HAZzkMEb80QqPEkXig","https:\/\/www.linkedin.com\/company\/13056550\/admin\/"]}]}},"_links":{"self":[{"href":"https:\/\/www.pollmeier.com\/de\/wp-json\/wp\/v2\/pages\/14673","targetHints":{"allow":["GET"]}}],"collection":[{"href":"https:\/\/www.pollmeier.com\/de\/wp-json\/wp\/v2\/pages"}],"about":[{"href":"https:\/\/www.pollmeier.com\/de\/wp-json\/wp\/v2\/types\/page"}],"author":[{"embeddable":true,"href":"https:\/\/www.pollmeier.com\/de\/wp-json\/wp\/v2\/users\/25"}],"replies":[{"embeddable":true,"href":"https:\/\/www.pollmeier.com\/de\/wp-json\/wp\/v2\/comments?post=14673"}],"version-history":[{"count":2,"href":"https:\/\/www.pollmeier.com\/de\/wp-json\/wp\/v2\/pages\/14673\/revisions"}],"predecessor-version":[{"id":15085,"href":"https:\/\/www.pollmeier.com\/de\/wp-json\/wp\/v2\/pages\/14673\/revisions\/15085"}],"wp:attachment":[{"href":"https:\/\/www.pollmeier.com\/de\/wp-json\/wp\/v2\/media?parent=14673"}],"curies":[{"name":"wp","href":"https:\/\/api.w.org\/{rel}","templated":true}]}}