{"id":32764,"date":"2023-03-24T14:33:53","date_gmt":"2023-03-24T13:33:53","guid":{"rendered":"https:\/\/www.pollmeier.com\/our-raw-material\/"},"modified":"2024-06-14T14:53:10","modified_gmt":"2024-06-14T12:53:10","slug":"nasz-surowiec","status":"publish","type":"page","link":"https:\/\/www.pollmeier.com\/pl\/nasz-surowiec\/","title":{"rendered":"Nasz surowiec"},"content":{"rendered":"\t\t<div data-elementor-type=\"wp-page\" data-elementor-id=\"32764\" class=\"elementor elementor-32764 elementor-12539\" data-elementor-post-type=\"page\">\n\t\t\t\t\t\t<section class=\"elementor-section elementor-top-section elementor-element elementor-element-39e76c6 elementor-section-boxed elementor-section-height-default elementor-section-height-default\" data-id=\"39e76c6\" data-element_type=\"section\" data-e-type=\"section\">\n\t\t\t\t\t\t<div class=\"elementor-container elementor-column-gap-default\">\n\t\t\t\t\t<div class=\"elementor-column elementor-col-100 elementor-top-column elementor-element elementor-element-07062d8\" data-id=\"07062d8\" data-element_type=\"column\" data-e-type=\"column\">\n\t\t\t<div class=\"elementor-widget-wrap elementor-element-populated\">\n\t\t\t\t\t\t<div class=\"elementor-element elementor-element-50df00d elementor-widget elementor-widget-heading\" data-id=\"50df00d\" data-element_type=\"widget\" data-e-type=\"widget\" data-widget_type=\"heading.default\">\n\t\t\t\t<div class=\"elementor-widget-container\">\n\t\t\t\t\t<h1 class=\"elementor-heading-title elementor-size-default\">Nasz surowiec<\/h1>\t\t\t\t<\/div>\n\t\t\t\t<\/div>\n\t\t\t\t<div class=\"elementor-element elementor-element-e12740c elementor-widget__width-initial elementor-widget-mobile__width-inherit elementor-widget elementor-widget-text-editor\" data-id=\"e12740c\" data-element_type=\"widget\" data-e-type=\"widget\" data-widget_type=\"text-editor.default\">\n\t\t\t\t<div class=\"elementor-widget-container\">\n\t\t\t\t\t\t\t\t\t<p>Nasze drewno bukowe pochodzi wy\u0142\u0105cznie z region\u00f3w o lasach uprawianych w ramach zr\u00f3wnowa\u017conej gospodarki \u2013 dla Pa\u0144stwa bezpiecze\u0144stwa jest certyfikowane przez PEFC.<\/p>\n\t\t\t\t\t\t\t\t<\/div>\n\t\t\t\t<\/div>\n\t\t\t\t\t<\/div>\n\t\t<\/div>\n\t\t\t\t\t<\/div>\n\t\t<\/section>\n\t\t\t\t<section class=\"elementor-section elementor-top-section elementor-element elementor-element-7c8f48e elementor-section-boxed elementor-section-height-default elementor-section-height-default\" data-id=\"7c8f48e\" data-element_type=\"section\" data-e-type=\"section\">\n\t\t\t\t\t\t<div class=\"elementor-container elementor-column-gap-default\">\n\t\t\t\t\t<div class=\"elementor-column elementor-col-100 elementor-top-column elementor-element elementor-element-b081623\" data-id=\"b081623\" data-element_type=\"column\" data-e-type=\"column\">\n\t\t\t<div class=\"elementor-widget-wrap elementor-element-populated\">\n\t\t\t\t\t\t<section class=\"elementor-section elementor-inner-section elementor-element elementor-element-555c813 elementor-section-full_width elementor-section-height-min-height elementor-section-height-default\" data-id=\"555c813\" data-element_type=\"section\" data-e-type=\"section\">\n\t\t\t\t\t\t<div class=\"elementor-container elementor-column-gap-default\">\n\t\t\t\t\t<div class=\"make-column-clickable-elementor elementor-column elementor-col-50 elementor-inner-column elementor-element elementor-element-db11667\" style=\"cursor: pointer;\" data-column-clickable=\"https:\/\/www.pollmeier.com\/pl\/uzytkowanie-drewna\/\" data-column-clickable-blank=\"_self\" data-dce-background-image-url=\"https:\/\/www.pollmeier.com\/wp-content\/uploads\/2023\/03\/Pollmeier_Schnittholz_Staemme.jpg\" data-id=\"db11667\" data-element_type=\"column\" data-e-type=\"column\" data-settings=\"{&quot;background_background&quot;:&quot;classic&quot;}\">\n\t\t\t<div class=\"elementor-widget-wrap elementor-element-populated\">\n\t\t\t\t\t<div class=\"elementor-background-overlay\"><\/div>\n\t\t\t\t\t\t<div class=\"elementor-element elementor-element-f2a342e elementor-widget elementor-widget-spacer\" data-id=\"f2a342e\" data-element_type=\"widget\" data-e-type=\"widget\" data-widget_type=\"spacer.default\">\n\t\t\t\t<div class=\"elementor-widget-container\">\n\t\t\t\t\t\t\t<div class=\"elementor-spacer\">\n\t\t\t<div class=\"elementor-spacer-inner\"><\/div>\n\t\t<\/div>\n\t\t\t\t\t\t<\/div>\n\t\t\t\t<\/div>\n\t\t\t\t\t<\/div>\n\t\t<\/div>\n\t\t\t\t<div class=\"make-column-clickable-elementor elementor-column elementor-col-50 elementor-inner-column elementor-element elementor-element-71686a4\" style=\"cursor: pointer;\" data-column-clickable=\"https:\/\/www.pollmeier.com\/pl\/uzytkowanie-drewna\/\" data-column-clickable-blank=\"_self\" data-id=\"71686a4\" data-element_type=\"column\" data-e-type=\"column\">\n\t\t\t<div class=\"elementor-widget-wrap elementor-element-populated\">\n\t\t\t\t\t\t<div class=\"elementor-element elementor-element-ca0163d elementor-widget elementor-widget-heading\" data-id=\"ca0163d\" data-element_type=\"widget\" data-e-type=\"widget\" data-widget_type=\"heading.default\">\n\t\t\t\t<div class=\"elementor-widget-container\">\n\t\t\t\t\t<h5 class=\"elementor-heading-title elementor-size-default\">Drewno<\/h5>\t\t\t\t<\/div>\n\t\t\t\t<\/div>\n\t\t\t\t<div class=\"elementor-element elementor-element-f7eec69 elementor-widget elementor-widget-text-editor\" data-id=\"f7eec69\" data-element_type=\"widget\" data-e-type=\"widget\" data-widget_type=\"text-editor.default\">\n\t\t\t\t<div class=\"elementor-widget-container\">\n\t\t\t\t\t\t\t\t\t<p>U\u017cytkowanie drewna nie musi mie\u0107 automatycznie ujemnego wp\u0142ywu na zmiany klimatu \u2013 wr\u0119cz przeciwnie. Zr\u00f3wnowa\u017cona gospodarka le\u015bna mo\u017ce przyczynia\u0107 si\u0119 do aktywnej ochrony klimatu. <\/p>\n\t\t\t\t\t\t\t\t<\/div>\n\t\t\t\t<\/div>\n\t\t\t\t<div class=\"elementor-element elementor-element-78e5f48 elementor-align-right elementor-mobile-align-left arrow-btn elementor-widget elementor-widget-button\" data-id=\"78e5f48\" data-element_type=\"widget\" data-e-type=\"widget\" data-widget_type=\"button.default\">\n\t\t\t\t<div class=\"elementor-widget-container\">\n\t\t\t\t\t\t\t\t\t<div class=\"elementor-button-wrapper\">\n\t\t\t\t\t<a class=\"elementor-button elementor-button-link elementor-size-lg\" href=\"https:\/\/www.pollmeier.com\/pl\/uzytkowanie-drewna\/\">\n\t\t\t\t\t\t<span class=\"elementor-button-content-wrapper\">\n\t\t\t\t\t\t<span class=\"elementor-button-icon\">\n\t\t\t\t<svg xmlns=\"http:\/\/www.w3.org\/2000\/svg\" id=\"Ebene_1\" width=\"115\" height=\"16\" viewBox=\"0 0 115 16\"><path d=\"m113.87,8.71c.39-.39.39-1.02,0-1.41l-6.36-6.36c-.39-.39-1.02-.39-1.42,0-.39.39-.39,1.02,0,1.41l5.66,5.66-5.66,5.66c-.39.39-.39,1.02,0,1.41.39.39,1.02.39,1.42,0l6.36-6.36ZM0,9h113.16v-2H0v2Z\"><\/path><\/svg>\t\t\t<\/span>\n\t\t\t\t\t\t\t\t<\/span>\n\t\t\t\t\t<\/a>\n\t\t\t\t<\/div>\n\t\t\t\t\t\t\t\t<\/div>\n\t\t\t\t<\/div>\n\t\t\t\t\t<\/div>\n\t\t<\/div>\n\t\t\t\t\t<\/div>\n\t\t<\/section>\n\t\t\t\t<section class=\"elementor-section elementor-inner-section elementor-element elementor-element-d5c634b elementor-section-full_width elementor-section-height-min-height elementor-section-height-default\" data-id=\"d5c634b\" data-element_type=\"section\" data-e-type=\"section\">\n\t\t\t\t\t\t<div class=\"elementor-container elementor-column-gap-default\">\n\t\t\t\t\t<div class=\"make-column-clickable-elementor elementor-column elementor-col-50 elementor-inner-column elementor-element elementor-element-d2f278f\" style=\"cursor: pointer;\" data-column-clickable=\"https:\/\/www.pollmeier.com\/pl\/buk\/\" data-column-clickable-blank=\"_self\" data-dce-background-image-url=\"https:\/\/www.pollmeier.com\/wp-content\/uploads\/2023\/03\/Buche_Wald_Bildrechte-Ludwig-Karner.jpg\" data-id=\"d2f278f\" data-element_type=\"column\" data-e-type=\"column\" data-settings=\"{&quot;background_background&quot;:&quot;classic&quot;}\">\n\t\t\t<div class=\"elementor-widget-wrap elementor-element-populated\">\n\t\t\t\t\t<div class=\"elementor-background-overlay\"><\/div>\n\t\t\t\t\t\t<div class=\"elementor-element elementor-element-18e5a60 elementor-widget elementor-widget-spacer\" data-id=\"18e5a60\" data-element_type=\"widget\" data-e-type=\"widget\" data-widget_type=\"spacer.default\">\n\t\t\t\t<div class=\"elementor-widget-container\">\n\t\t\t\t\t\t\t<div class=\"elementor-spacer\">\n\t\t\t<div class=\"elementor-spacer-inner\"><\/div>\n\t\t<\/div>\n\t\t\t\t\t\t<\/div>\n\t\t\t\t<\/div>\n\t\t\t\t\t<\/div>\n\t\t<\/div>\n\t\t\t\t<div class=\"make-column-clickable-elementor elementor-column elementor-col-50 elementor-inner-column elementor-element elementor-element-1c34433\" style=\"cursor: pointer;\" data-column-clickable=\"https:\/\/www.pollmeier.com\/pl\/buk\/\" data-column-clickable-blank=\"_self\" data-id=\"1c34433\" data-element_type=\"column\" data-e-type=\"column\">\n\t\t\t<div class=\"elementor-widget-wrap elementor-element-populated\">\n\t\t\t\t\t\t<div class=\"elementor-element elementor-element-0aa383a elementor-widget elementor-widget-heading\" data-id=\"0aa383a\" data-element_type=\"widget\" data-e-type=\"widget\" data-widget_type=\"heading.default\">\n\t\t\t\t<div class=\"elementor-widget-container\">\n\t\t\t\t\t<h5 class=\"elementor-heading-title elementor-size-default\">Buk<\/h5>\t\t\t\t<\/div>\n\t\t\t\t<\/div>\n\t\t\t\t<div class=\"elementor-element elementor-element-c0e377a elementor-widget elementor-widget-text-editor\" data-id=\"c0e377a\" data-element_type=\"widget\" data-e-type=\"widget\" data-widget_type=\"text-editor.default\">\n\t\t\t\t<div class=\"elementor-widget-container\">\n\t\t\t\t\t\t\t\t\tZ punktu widzenia gospodarki le\u015bnej buka d\u0142ugo nie doceniano i u\u017cywano go g\u0142\u00f3wnie jako drewna opa\u0142owego. Dopiero w po\u0142owie XIX wieku buk zosta\u0142 odkryty jako drewno u\u017cytkowe, zacz\u0119\u0142o si\u0119 zalesianie. Dzisiaj stanowi ponad 16% ca\u0142ego drzewostanu w Niemczech i jest najcz\u0119stszym gatunkiem drzewa li\u015bciastego.  \n\n\t\t\t\t\t\t\t\t<\/div>\n\t\t\t\t<\/div>\n\t\t\t\t<div class=\"elementor-element elementor-element-222587d elementor-align-right elementor-mobile-align-left arrow-btn elementor-widget elementor-widget-button\" data-id=\"222587d\" data-element_type=\"widget\" data-e-type=\"widget\" data-widget_type=\"button.default\">\n\t\t\t\t<div class=\"elementor-widget-container\">\n\t\t\t\t\t\t\t\t\t<div class=\"elementor-button-wrapper\">\n\t\t\t\t\t<a class=\"elementor-button elementor-button-link elementor-size-lg\" href=\"https:\/\/www.pollmeier.com\/pl\/buk\/\">\n\t\t\t\t\t\t<span class=\"elementor-button-content-wrapper\">\n\t\t\t\t\t\t<span class=\"elementor-button-icon\">\n\t\t\t\t<svg xmlns=\"http:\/\/www.w3.org\/2000\/svg\" id=\"Ebene_1\" width=\"115\" height=\"16\" viewBox=\"0 0 115 16\"><path d=\"m113.87,8.71c.39-.39.39-1.02,0-1.41l-6.36-6.36c-.39-.39-1.02-.39-1.42,0-.39.39-.39,1.02,0,1.41l5.66,5.66-5.66,5.66c-.39.39-.39,1.02,0,1.41.39.39,1.02.39,1.42,0l6.36-6.36ZM0,9h113.16v-2H0v2Z\"><\/path><\/svg>\t\t\t<\/span>\n\t\t\t\t\t\t\t\t<\/span>\n\t\t\t\t\t<\/a>\n\t\t\t\t<\/div>\n\t\t\t\t\t\t\t\t<\/div>\n\t\t\t\t<\/div>\n\t\t\t\t\t<\/div>\n\t\t<\/div>\n\t\t\t\t\t<\/div>\n\t\t<\/section>\n\t\t\t\t<section class=\"elementor-section elementor-inner-section elementor-element elementor-element-5c3d12a elementor-section-full_width elementor-section-height-min-height elementor-section-height-default\" data-id=\"5c3d12a\" data-element_type=\"section\" data-e-type=\"section\">\n\t\t\t\t\t\t<div class=\"elementor-container elementor-column-gap-default\">\n\t\t\t\t\t<div class=\"make-column-clickable-elementor elementor-column elementor-col-50 elementor-inner-column elementor-element elementor-element-ff88697\" style=\"cursor: pointer;\" data-column-clickable=\"https:\/\/www.pollmeier.com\/pl\/zrownowazona-gospodarka-lesn\/\" data-column-clickable-blank=\"_self\" data-dce-background-image-url=\"https:\/\/www.pollmeier.com\/wp-content\/uploads\/2023\/03\/eu-timber-regulation02.jpg\" data-id=\"ff88697\" data-element_type=\"column\" data-e-type=\"column\" data-settings=\"{&quot;background_background&quot;:&quot;classic&quot;}\">\n\t\t\t<div class=\"elementor-widget-wrap elementor-element-populated\">\n\t\t\t\t\t<div class=\"elementor-background-overlay\"><\/div>\n\t\t\t\t\t\t<div class=\"elementor-element elementor-element-d598f66 elementor-widget elementor-widget-spacer\" data-id=\"d598f66\" data-element_type=\"widget\" data-e-type=\"widget\" data-widget_type=\"spacer.default\">\n\t\t\t\t<div class=\"elementor-widget-container\">\n\t\t\t\t\t\t\t<div class=\"elementor-spacer\">\n\t\t\t<div class=\"elementor-spacer-inner\"><\/div>\n\t\t<\/div>\n\t\t\t\t\t\t<\/div>\n\t\t\t\t<\/div>\n\t\t\t\t\t<\/div>\n\t\t<\/div>\n\t\t\t\t<div class=\"make-column-clickable-elementor elementor-column elementor-col-50 elementor-inner-column elementor-element elementor-element-d8714dc\" style=\"cursor: pointer;\" data-column-clickable=\"https:\/\/www.pollmeier.com\/pl\/zrownowazona-gospodarka-lesn\/\" data-column-clickable-blank=\"_self\" data-id=\"d8714dc\" data-element_type=\"column\" data-e-type=\"column\">\n\t\t\t<div class=\"elementor-widget-wrap elementor-element-populated\">\n\t\t\t\t\t\t<div class=\"elementor-element elementor-element-a8aa9eb elementor-widget elementor-widget-heading\" data-id=\"a8aa9eb\" data-element_type=\"widget\" data-e-type=\"widget\" data-widget_type=\"heading.default\">\n\t\t\t\t<div class=\"elementor-widget-container\">\n\t\t\t\t\t<h5 class=\"elementor-heading-title elementor-size-default\">Zr\u00f3wnowa\u017cona gospodarka le\u015bna w Pollmeier<\/h5>\t\t\t\t<\/div>\n\t\t\t\t<\/div>\n\t\t\t\t<div class=\"elementor-element elementor-element-313c788 elementor-widget elementor-widget-text-editor\" data-id=\"313c788\" data-element_type=\"widget\" data-e-type=\"widget\" data-widget_type=\"text-editor.default\">\n\t\t\t\t<div class=\"elementor-widget-container\">\n\t\t\t\t\t\t\t\t\t<p>Nasze lasy, ze wszystkimi ich wa\u017cnymi funkcjami, powinny by\u0107 do dyspozycji nie tylko nas samych, lecz tak\u017ce przysz\u0142ych pokole\u0144. Jest to przyczyn\u0105 naszego zaanga\u017cowania \u2013 dla Pa\u0144stwa bezpiecze\u0144stwa certyfikujemy nasz surowiec w PEFC. <\/p>\n\t\t\t\t\t\t\t\t<\/div>\n\t\t\t\t<\/div>\n\t\t\t\t<div class=\"elementor-element elementor-element-562b7f9 elementor-align-right elementor-mobile-align-left arrow-btn elementor-widget elementor-widget-button\" data-id=\"562b7f9\" data-element_type=\"widget\" data-e-type=\"widget\" data-widget_type=\"button.default\">\n\t\t\t\t<div class=\"elementor-widget-container\">\n\t\t\t\t\t\t\t\t\t<div class=\"elementor-button-wrapper\">\n\t\t\t\t\t<a class=\"elementor-button elementor-button-link elementor-size-lg\" href=\"https:\/\/www.pollmeier.com\/pl\/zrownowazona-gospodarka-lesn\/\">\n\t\t\t\t\t\t<span class=\"elementor-button-content-wrapper\">\n\t\t\t\t\t\t<span class=\"elementor-button-icon\">\n\t\t\t\t<svg xmlns=\"http:\/\/www.w3.org\/2000\/svg\" id=\"Ebene_1\" width=\"115\" height=\"16\" viewBox=\"0 0 115 16\"><path d=\"m113.87,8.71c.39-.39.39-1.02,0-1.41l-6.36-6.36c-.39-.39-1.02-.39-1.42,0-.39.39-.39,1.02,0,1.41l5.66,5.66-5.66,5.66c-.39.39-.39,1.02,0,1.41.39.39,1.02.39,1.42,0l6.36-6.36ZM0,9h113.16v-2H0v2Z\"><\/path><\/svg>\t\t\t<\/span>\n\t\t\t\t\t\t\t\t<\/span>\n\t\t\t\t\t<\/a>\n\t\t\t\t<\/div>\n\t\t\t\t\t\t\t\t<\/div>\n\t\t\t\t<\/div>\n\t\t\t\t\t<\/div>\n\t\t<\/div>\n\t\t\t\t\t<\/div>\n\t\t<\/section>\n\t\t\t\t<section class=\"elementor-section elementor-inner-section elementor-element elementor-element-b7635ea elementor-section-full_width elementor-section-height-min-height elementor-section-height-default\" data-id=\"b7635ea\" data-element_type=\"section\" data-e-type=\"section\">\n\t\t\t\t\t\t<div class=\"elementor-container elementor-column-gap-default\">\n\t\t\t\t\t<div class=\"make-column-clickable-elementor elementor-column elementor-col-50 elementor-inner-column elementor-element elementor-element-9d548c1\" style=\"cursor: pointer;\" data-column-clickable=\"\/pl\/eu-timber-regulation-eutr\/\" data-column-clickable-blank=\"_self\" data-dce-background-image-url=\"https:\/\/www.pollmeier.com\/wp-content\/uploads\/2023\/03\/Pollmeier-Bewaesserung.jpg\" data-id=\"9d548c1\" data-element_type=\"column\" data-e-type=\"column\" data-settings=\"{&quot;background_background&quot;:&quot;classic&quot;}\">\n\t\t\t<div class=\"elementor-widget-wrap elementor-element-populated\">\n\t\t\t\t\t<div class=\"elementor-background-overlay\"><\/div>\n\t\t\t\t\t\t<div class=\"elementor-element elementor-element-0e8d1d1 elementor-widget elementor-widget-spacer\" data-id=\"0e8d1d1\" data-element_type=\"widget\" data-e-type=\"widget\" data-widget_type=\"spacer.default\">\n\t\t\t\t<div class=\"elementor-widget-container\">\n\t\t\t\t\t\t\t<div class=\"elementor-spacer\">\n\t\t\t<div class=\"elementor-spacer-inner\"><\/div>\n\t\t<\/div>\n\t\t\t\t\t\t<\/div>\n\t\t\t\t<\/div>\n\t\t\t\t\t<\/div>\n\t\t<\/div>\n\t\t\t\t<div class=\"make-column-clickable-elementor elementor-column elementor-col-50 elementor-inner-column elementor-element elementor-element-7c7b7a5\" style=\"cursor: pointer;\" data-column-clickable=\"https:\/\/www.pollmeier.com\/pl\/eu-timber-regulation-eutr\/\" data-column-clickable-blank=\"_self\" data-id=\"7c7b7a5\" data-element_type=\"column\" data-e-type=\"column\">\n\t\t\t<div class=\"elementor-widget-wrap elementor-element-populated\">\n\t\t\t\t\t\t<div class=\"elementor-element elementor-element-af87f4f elementor-widget elementor-widget-heading\" data-id=\"af87f4f\" data-element_type=\"widget\" data-e-type=\"widget\" data-widget_type=\"heading.default\">\n\t\t\t\t<div class=\"elementor-widget-container\">\n\t\t\t\t\t<h5 class=\"elementor-heading-title elementor-size-default\"><a href=\"\/pl\/eu-timber-regulation-eutr\/\">EU Timber Regulation (EUTR)<\/a><\/h5>\t\t\t\t<\/div>\n\t\t\t\t<\/div>\n\t\t\t\t<div class=\"elementor-element elementor-element-d8a6461 elementor-widget elementor-widget-text-editor\" data-id=\"d8a6461\" data-element_type=\"widget\" data-e-type=\"widget\" data-widget_type=\"text-editor.default\">\n\t\t\t\t<div class=\"elementor-widget-container\">\n\t\t\t\t\t\t\t\t\t<p>The regulation came into force on 3rd March 2013, is binding on all EU Member States and prohibits illegally harvested timber or timber products from being placed in the EU market. <\/p>\n\t\t\t\t\t\t\t\t<\/div>\n\t\t\t\t<\/div>\n\t\t\t\t<div class=\"elementor-element elementor-element-7b1e621 elementor-align-right elementor-mobile-align-left arrow-btn elementor-widget elementor-widget-button\" data-id=\"7b1e621\" data-element_type=\"widget\" data-e-type=\"widget\" data-widget_type=\"button.default\">\n\t\t\t\t<div class=\"elementor-widget-container\">\n\t\t\t\t\t\t\t\t\t<div class=\"elementor-button-wrapper\">\n\t\t\t\t\t<a class=\"elementor-button elementor-button-link elementor-size-lg\" href=\"https:\/\/www.pollmeier.com\/pl\/eu-timber-regulation-eutr\/\">\n\t\t\t\t\t\t<span class=\"elementor-button-content-wrapper\">\n\t\t\t\t\t\t<span class=\"elementor-button-icon\">\n\t\t\t\t<svg xmlns=\"http:\/\/www.w3.org\/2000\/svg\" id=\"Ebene_1\" width=\"115\" height=\"16\" viewBox=\"0 0 115 16\"><path d=\"m113.87,8.71c.39-.39.39-1.02,0-1.41l-6.36-6.36c-.39-.39-1.02-.39-1.42,0-.39.39-.39,1.02,0,1.41l5.66,5.66-5.66,5.66c-.39.39-.39,1.02,0,1.41.39.39,1.02.39,1.42,0l6.36-6.36ZM0,9h113.16v-2H0v2Z\"><\/path><\/svg>\t\t\t<\/span>\n\t\t\t\t\t\t\t\t<\/span>\n\t\t\t\t\t<\/a>\n\t\t\t\t<\/div>\n\t\t\t\t\t\t\t\t<\/div>\n\t\t\t\t<\/div>\n\t\t\t\t\t<\/div>\n\t\t<\/div>\n\t\t\t\t\t<\/div>\n\t\t<\/section>\n\t\t\t\t\t<\/div>\n\t\t<\/div>\n\t\t\t\t\t<\/div>\n\t\t<\/section>\n\t\t\t\t<\/div>\n\t\t","protected":false},"excerpt":{"rendered":"<p>Nasz surowiec Nasze drewno bukowe pochodzi wy\u0142\u0105cznie z region\u00f3w o lasach uprawianych w ramach zr\u00f3wnowa\u017conej gospodarki \u2013 dla Pa\u0144stwa bezpiecze\u0144stwa jest certyfikowane przez PEFC. Drewno U\u017cytkowanie drewna nie musi mie\u0107 automatycznie ujemnego wp\u0142ywu na zmiany klimatu \u2013 wr\u0119cz przeciwnie. Zr\u00f3wnowa\u017cona gospodarka le\u015bna mo\u017ce przyczynia\u0107 si\u0119 do aktywnej ochrony klimatu. Buk Z punktu widzenia gospodarki le\u015bnej [&hellip;]<\/p>\n","protected":false},"author":25,"featured_media":0,"parent":0,"menu_order":0,"comment_status":"closed","ping_status":"closed","template":"","meta":{"_acf_changed":false,"footnotes":""},"class_list":["post-32764","page","type-page","status-publish","hentry"],"acf":[],"yoast_head":"<!-- This site is optimized with the Yoast SEO plugin v27.4 - https:\/\/yoast.com\/product\/yoast-seo-wordpress\/ -->\n<title>Nasz surowiec - Pollmeier<\/title>\n<meta name=\"description\" content=\"Nasz surowiec Nasze drewno bukowe pochodzi wy\u0142\u0105cznie z region\u00f3w o lasach uprawianych w ramach zr\u00f3wnowa\u017conej gospodarki \u2013 dla Pa\u0144stwa bezpiecze\u0144stwa jest\" \/>\n<meta name=\"robots\" content=\"index, follow, max-snippet:-1, max-image-preview:large, max-video-preview:-1\" \/>\n<link rel=\"canonical\" href=\"https:\/\/www.pollmeier.com\/pl\/nasz-surowiec\/\" \/>\n<meta property=\"og:locale\" content=\"pl_PL\" \/>\n<meta property=\"og:type\" content=\"article\" \/>\n<meta property=\"og:title\" content=\"Nasz surowiec - Pollmeier\" \/>\n<meta property=\"og:description\" content=\"Nasz surowiec Nasze drewno bukowe pochodzi wy\u0142\u0105cznie z region\u00f3w o lasach uprawianych w ramach zr\u00f3wnowa\u017conej gospodarki \u2013 dla Pa\u0144stwa bezpiecze\u0144stwa jest\" \/>\n<meta property=\"og:url\" content=\"https:\/\/www.pollmeier.com\/pl\/nasz-surowiec\/\" \/>\n<meta property=\"og:site_name\" content=\"Pollmeier\" \/>\n<meta property=\"article:publisher\" content=\"https:\/\/www.facebook.com\/pollmeier.massivholz\/?fref=ts\" \/>\n<meta property=\"article:modified_time\" content=\"2024-06-14T12:53:10+00:00\" \/>\n<meta name=\"twitter:card\" content=\"summary_large_image\" \/>\n<meta name=\"twitter:label1\" content=\"Szacowany czas czytania\" \/>\n\t<meta name=\"twitter:data1\" content=\"1 minuta\" \/>\n<script type=\"application\/ld+json\" class=\"yoast-schema-graph\">{\"@context\":\"https:\\\/\\\/schema.org\",\"@graph\":[{\"@type\":\"WebPage\",\"@id\":\"https:\\\/\\\/www.pollmeier.com\\\/pl\\\/nasz-surowiec\\\/\",\"url\":\"https:\\\/\\\/www.pollmeier.com\\\/pl\\\/nasz-surowiec\\\/\",\"name\":\"Nasz surowiec - Pollmeier\",\"isPartOf\":{\"@id\":\"https:\\\/\\\/www.pollmeier.com\\\/pl\\\/#website\"},\"datePublished\":\"2023-03-24T13:33:53+00:00\",\"dateModified\":\"2024-06-14T12:53:10+00:00\",\"description\":\"Nasz surowiec Nasze drewno bukowe pochodzi wy\u0142\u0105cznie z region\u00f3w o lasach uprawianych w ramach zr\u00f3wnowa\u017conej gospodarki \u2013 dla Pa\u0144stwa bezpiecze\u0144stwa jest\",\"breadcrumb\":{\"@id\":\"https:\\\/\\\/www.pollmeier.com\\\/pl\\\/nasz-surowiec\\\/#breadcrumb\"},\"inLanguage\":\"pl-PL\",\"potentialAction\":[{\"@type\":\"ReadAction\",\"target\":[\"https:\\\/\\\/www.pollmeier.com\\\/pl\\\/nasz-surowiec\\\/\"]}]},{\"@type\":\"BreadcrumbList\",\"@id\":\"https:\\\/\\\/www.pollmeier.com\\\/pl\\\/nasz-surowiec\\\/#breadcrumb\",\"itemListElement\":[{\"@type\":\"ListItem\",\"position\":1,\"name\":\"Home\",\"item\":\"https:\\\/\\\/www.pollmeier.com\\\/pl\\\/\"},{\"@type\":\"ListItem\",\"position\":2,\"name\":\"Nasz surowiec\"}]},{\"@type\":\"WebSite\",\"@id\":\"https:\\\/\\\/www.pollmeier.com\\\/pl\\\/#website\",\"url\":\"https:\\\/\\\/www.pollmeier.com\\\/pl\\\/\",\"name\":\"Pollmeier\",\"description\":\"\",\"publisher\":{\"@id\":\"https:\\\/\\\/www.pollmeier.com\\\/pl\\\/#organization\"},\"potentialAction\":[{\"@type\":\"SearchAction\",\"target\":{\"@type\":\"EntryPoint\",\"urlTemplate\":\"https:\\\/\\\/www.pollmeier.com\\\/pl\\\/?s={search_term_string}\"},\"query-input\":{\"@type\":\"PropertyValueSpecification\",\"valueRequired\":true,\"valueName\":\"search_term_string\"}}],\"inLanguage\":\"pl-PL\"},{\"@type\":\"Organization\",\"@id\":\"https:\\\/\\\/www.pollmeier.com\\\/pl\\\/#organization\",\"name\":\"Pollmeier\",\"url\":\"https:\\\/\\\/www.pollmeier.com\\\/pl\\\/\",\"logo\":{\"@type\":\"ImageObject\",\"inLanguage\":\"pl-PL\",\"@id\":\"https:\\\/\\\/www.pollmeier.com\\\/pl\\\/#\\\/schema\\\/logo\\\/image\\\/\",\"url\":\"https:\\\/\\\/www.pollmeier.com\\\/wp-content\\\/uploads\\\/2023\\\/01\\\/Pollmeier-Logo-RGB.png\",\"contentUrl\":\"https:\\\/\\\/www.pollmeier.com\\\/wp-content\\\/uploads\\\/2023\\\/01\\\/Pollmeier-Logo-RGB.png\",\"width\":7630,\"height\":1000,\"caption\":\"Pollmeier\"},\"image\":{\"@id\":\"https:\\\/\\\/www.pollmeier.com\\\/pl\\\/#\\\/schema\\\/logo\\\/image\\\/\"},\"sameAs\":[\"https:\\\/\\\/www.facebook.com\\\/pollmeier.massivholz\\\/?fref=ts\",\"https:\\\/\\\/www.instagram.com\\\/pollmeier.massivholz\\\/\",\"https:\\\/\\\/www.youtube.com\\\/channel\\\/UCNEu1HAZzkMEb80QqPEkXig\",\"https:\\\/\\\/www.linkedin.com\\\/company\\\/13056550\\\/admin\\\/\"]}]}<\/script>\n<!-- \/ Yoast SEO plugin. -->","yoast_head_json":{"title":"Nasz surowiec - Pollmeier","description":"Nasz surowiec Nasze drewno bukowe pochodzi wy\u0142\u0105cznie z region\u00f3w o lasach uprawianych w ramach zr\u00f3wnowa\u017conej gospodarki \u2013 dla Pa\u0144stwa bezpiecze\u0144stwa jest","robots":{"index":"index","follow":"follow","max-snippet":"max-snippet:-1","max-image-preview":"max-image-preview:large","max-video-preview":"max-video-preview:-1"},"canonical":"https:\/\/www.pollmeier.com\/pl\/nasz-surowiec\/","og_locale":"pl_PL","og_type":"article","og_title":"Nasz surowiec - Pollmeier","og_description":"Nasz surowiec Nasze drewno bukowe pochodzi wy\u0142\u0105cznie z region\u00f3w o lasach uprawianych w ramach zr\u00f3wnowa\u017conej gospodarki \u2013 dla Pa\u0144stwa bezpiecze\u0144stwa jest","og_url":"https:\/\/www.pollmeier.com\/pl\/nasz-surowiec\/","og_site_name":"Pollmeier","article_publisher":"https:\/\/www.facebook.com\/pollmeier.massivholz\/?fref=ts","article_modified_time":"2024-06-14T12:53:10+00:00","twitter_card":"summary_large_image","twitter_misc":{"Szacowany czas czytania":"1 minuta"},"schema":{"@context":"https:\/\/schema.org","@graph":[{"@type":"WebPage","@id":"https:\/\/www.pollmeier.com\/pl\/nasz-surowiec\/","url":"https:\/\/www.pollmeier.com\/pl\/nasz-surowiec\/","name":"Nasz surowiec - Pollmeier","isPartOf":{"@id":"https:\/\/www.pollmeier.com\/pl\/#website"},"datePublished":"2023-03-24T13:33:53+00:00","dateModified":"2024-06-14T12:53:10+00:00","description":"Nasz surowiec Nasze drewno bukowe pochodzi wy\u0142\u0105cznie z region\u00f3w o lasach uprawianych w ramach zr\u00f3wnowa\u017conej gospodarki \u2013 dla Pa\u0144stwa bezpiecze\u0144stwa jest","breadcrumb":{"@id":"https:\/\/www.pollmeier.com\/pl\/nasz-surowiec\/#breadcrumb"},"inLanguage":"pl-PL","potentialAction":[{"@type":"ReadAction","target":["https:\/\/www.pollmeier.com\/pl\/nasz-surowiec\/"]}]},{"@type":"BreadcrumbList","@id":"https:\/\/www.pollmeier.com\/pl\/nasz-surowiec\/#breadcrumb","itemListElement":[{"@type":"ListItem","position":1,"name":"Home","item":"https:\/\/www.pollmeier.com\/pl\/"},{"@type":"ListItem","position":2,"name":"Nasz surowiec"}]},{"@type":"WebSite","@id":"https:\/\/www.pollmeier.com\/pl\/#website","url":"https:\/\/www.pollmeier.com\/pl\/","name":"Pollmeier","description":"","publisher":{"@id":"https:\/\/www.pollmeier.com\/pl\/#organization"},"potentialAction":[{"@type":"SearchAction","target":{"@type":"EntryPoint","urlTemplate":"https:\/\/www.pollmeier.com\/pl\/?s={search_term_string}"},"query-input":{"@type":"PropertyValueSpecification","valueRequired":true,"valueName":"search_term_string"}}],"inLanguage":"pl-PL"},{"@type":"Organization","@id":"https:\/\/www.pollmeier.com\/pl\/#organization","name":"Pollmeier","url":"https:\/\/www.pollmeier.com\/pl\/","logo":{"@type":"ImageObject","inLanguage":"pl-PL","@id":"https:\/\/www.pollmeier.com\/pl\/#\/schema\/logo\/image\/","url":"https:\/\/www.pollmeier.com\/wp-content\/uploads\/2023\/01\/Pollmeier-Logo-RGB.png","contentUrl":"https:\/\/www.pollmeier.com\/wp-content\/uploads\/2023\/01\/Pollmeier-Logo-RGB.png","width":7630,"height":1000,"caption":"Pollmeier"},"image":{"@id":"https:\/\/www.pollmeier.com\/pl\/#\/schema\/logo\/image\/"},"sameAs":["https:\/\/www.facebook.com\/pollmeier.massivholz\/?fref=ts","https:\/\/www.instagram.com\/pollmeier.massivholz\/","https:\/\/www.youtube.com\/channel\/UCNEu1HAZzkMEb80QqPEkXig","https:\/\/www.linkedin.com\/company\/13056550\/admin\/"]}]}},"_links":{"self":[{"href":"https:\/\/www.pollmeier.com\/pl\/wp-json\/wp\/v2\/pages\/32764","targetHints":{"allow":["GET"]}}],"collection":[{"href":"https:\/\/www.pollmeier.com\/pl\/wp-json\/wp\/v2\/pages"}],"about":[{"href":"https:\/\/www.pollmeier.com\/pl\/wp-json\/wp\/v2\/types\/page"}],"author":[{"embeddable":true,"href":"https:\/\/www.pollmeier.com\/pl\/wp-json\/wp\/v2\/users\/25"}],"replies":[{"embeddable":true,"href":"https:\/\/www.pollmeier.com\/pl\/wp-json\/wp\/v2\/comments?post=32764"}],"version-history":[{"count":3,"href":"https:\/\/www.pollmeier.com\/pl\/wp-json\/wp\/v2\/pages\/32764\/revisions"}],"predecessor-version":[{"id":330401,"href":"https:\/\/www.pollmeier.com\/pl\/wp-json\/wp\/v2\/pages\/32764\/revisions\/330401"}],"wp:attachment":[{"href":"https:\/\/www.pollmeier.com\/pl\/wp-json\/wp\/v2\/media?parent=32764"}],"curies":[{"name":"wp","href":"https:\/\/api.w.org\/{rel}","templated":true}]}}